{"id":6922,"date":"2024-04-27T04:17:19","date_gmt":"2024-04-27T04:17:19","guid":{"rendered":"https:\/\/www.ammamel.com\/massage-assis-en-entreprise\/"},"modified":"2024-04-27T04:17:20","modified_gmt":"2024-04-27T04:17:20","slug":"massage-assis-en-entreprise","status":"publish","type":"page","link":"https:\/\/www.ammamel.com\/fr\/massage-assis-en-entreprise\/","title":{"rendered":"Massage assis en entreprise"},"content":{"rendered":"\n<hr class=\"wp-block-separator has-css-opacity\"\/>\n\n<p>Ce massage d\u2019origine japonaise a \u00e9t\u00e9 adapt\u00e9 sur chaise ergonomique par l\u2019Am\u00e9ricain David Palmer afin de soulager les tensions musculaires d\u2019ing\u00e9nieurs de la Silicon Valley dues \u00e0 une posture assise, devant un ordinateur durant des heures, ainsi le stress et la pression accumul\u00e9e par les responsabilit\u00e9s, etc.<\/p>\n\n<p>Il s\u2019agit d\u2019une s\u00e9quence rapide, efficace et \u00e9nergique qui permet \u00e0 l\u2019employ\u00e9 de quitter son poste de travail peu de temps tout en ayant des b\u00e9n\u00e9fices physiques et mentales imm\u00e9diats. <\/p>\n\n<p>Qu\u2019il soit impl\u00e9ment\u00e9 comme un service payant de l\u2019entreprise ou bien une r\u00e9compense (objectifs \u00e0 atteindre, meilleurs employ\u00e9s, cadeaux d\u2019incentive ou No\u00ebl par exemple) il aura, de toutes les mani\u00e8res, un impact b\u00e9n\u00e9fique sur l\u2019image de votre entreprise, sa productivit\u00e9 et la vie professionnelle des employ\u00e9s. <\/p>\n\n<p>Il est \u00e9galement possible d\u2019offrir cette exp\u00e9rience \u00e0 des clients ou collaborateurs, lors d\u2019\u00e9v\u00e8nements, ou visites, comme une attention saine et agr\u00e9able.<\/p>\n\n<h2 class=\"wp-block-heading\">Quels sont les avantages pour votre employ\u00e9 ou votre client ?<\/h2>\n\n<ul class=\"wp-block-list\">\n<li>Il permet une d\u00e9contraction rapide et efficace de l&#8217;ensemble du dos, des trap\u00e8zes et de la nuque.<\/li>\n\n\n\n<li>Aide \u00e0 la relaxation mentale et \u00e0 l&#8217;\u00e9limination du stress.<\/li>\n\n\n\n<li>Il apporte beaucoup d&#8217;\u00e9nergie : avec les percussions, les \u00e9tirements, les pressions et les vibrations, et le travail sur les points \u00e9nerg\u00e9tiques et les m\u00e9ridiens, il apporte beaucoup de vitalit\u00e9 et permet de continuer \u00e0 travailler en \u00e9tant repos\u00e9, mais pas amorphe.<\/li>\n<\/ul>\n\n<h2 class=\"wp-block-heading\">Quels sont les avantages pour votre entreprise et son image ?<\/h2>\n\n<ul class=\"wp-block-list\">\n<li>C&#8217;est un massage facile \u00e0 int\u00e9grer. Il suffit d&#8217;un espace d&#8217;environ 5 m\u00b2, comme une petite salle de r\u00e9union. Il n&#8217;est pas n\u00e9cessaire de se d\u00e9shabiller, de se d\u00e9chausser ou de se d\u00e9maquiller.<\/li>\n\n\n\n<li>Il s&#8217;agit d&#8217;un massage &#8220;vitrine&#8221; : de courte dur\u00e9e, habill\u00e9 et le visage de la personne est pos\u00e9 sur la t\u00eate de la chaise, il n&#8217;y a pas besoin d&#8217;intimit\u00e9 non plus. Vous pouvez le proposer lors d&#8217;\u00e9v\u00e9nements tels que des foires, ou d&#8217;autres lieux publics, en plein air. <\/li>\n\n\n\n<li>Donnez une image positive \u00e0 votre entreprise : saine, d\u00e9montrer votre pr\u00e9occupation pour le bien-\u00eatre de vos employ\u00e9s au travail.<\/li>\n<\/ul>\n\n<p>Si vous souhaitez plus d&#8217;informations sur le massage amma assis pour entreprises, vous pouvez contacter le num\u00e9ro <a href=\"https:\/\/wa.me\/33681083024\" target=\"_blank\" rel=\"noreferrer noopener\">643697981<\/a> (\u00e9galement par WhatsApp) ou via le <a href=\"https:\/\/www.ammamel.com\/fr\/contact\/\">formulaire de contact<\/a>.<\/p>\n\n<h2 class=\"wp-block-heading\">Le massage Amma assis en action<\/h2>\n\n<hr class=\"wp-block-separator has-css-opacity\"\/>\n\n<figure class=\"wp-block-video\"><video height=\"720\" style=\"aspect-ratio: 1280 \/ 720;\" width=\"1280\" controls=\"\" src=\"https:\/\/www.ammamel.com\/wp-content\/uploads\/2018\/09\/20180913_165523-2.mp4\"><\/video><\/figure>\n\n<hr class=\"wp-block-separator has-css-opacity\"\/>\n\n<h4 class=\"wp-block-heading\"><br\/><\/h4>\n","protected":false},"excerpt":{"rendered":"<p>Ce massage d\u2019origine japonaise a \u00e9t\u00e9 adapt\u00e9 sur chaise ergonomique par l\u2019Am\u00e9ricain David Palmer afin de soulager les tensions musculaires d\u2019ing\u00e9nieurs de la Silicon Valley dues \u00e0 une posture assise, devant un ordinateur durant des heures, ainsi le stress et la pression accumul\u00e9e par les responsabilit\u00e9s, etc. Il s\u2019agit d\u2019une [&hellip;]<\/p>\n","protected":false},"author":2,"featured_media":6491,"parent":0,"menu_order":0,"comment_status":"closed","ping_status":"closed","template":"","meta":{"inspiro_page_layout":"narrow","inspiro_hide_title":false,"footnotes":""},"class_list":["post-6922","page","type-page","status-publish","has-post-thumbnail","hentry"],"yoast_head":"<!-- This site is optimized with the Yoast SEO plugin v27.4 - https:\/\/yoast.com\/product\/yoast-seo-wordpress\/ -->\n<title>Massage assis en entreprise - Ammamel<\/title>\n<meta name=\"description\" content=\"Le massage Amma assis est une solution pour lutter contre le stress, les tensions nerveuses et pour r\u00e9duire les tensions musculo-squelettiques dues au travail.\" \/>\n<meta name=\"robots\" content=\"index, follow, max-snippet:-1, max-image-preview:large, max-video-preview:-1\" \/>\n<link rel=\"canonical\" href=\"https:\/\/www.ammamel.com\/fr\/massage-assis-en-entreprise\/\" \/>\n<meta property=\"og:locale\" content=\"fr_FR\" \/>\n<meta property=\"og:type\" content=\"article\" \/>\n<meta property=\"og:title\" content=\"Massage assis en entreprise - Ammamel\" \/>\n<meta property=\"og:description\" content=\"Le massage Amma assis est une solution pour lutter contre le stress, les tensions nerveuses et pour r\u00e9duire les tensions musculo-squelettiques dues au travail.\" \/>\n<meta property=\"og:url\" content=\"https:\/\/www.ammamel.com\/fr\/massage-assis-en-entreprise\/\" \/>\n<meta property=\"og:site_name\" content=\"Ammamel\" \/>\n<meta property=\"article:modified_time\" content=\"2024-04-27T04:17:20+00:00\" \/>\n<meta property=\"og:image\" content=\"https:\/\/www.ammamel.com\/wp-content\/uploads\/2018\/09\/20180913_165510.jpg\" \/>\n\t<meta property=\"og:image:width\" content=\"4032\" \/>\n\t<meta property=\"og:image:height\" content=\"2268\" \/>\n\t<meta property=\"og:image:type\" content=\"image\/jpeg\" \/>\n<meta name=\"twitter:card\" content=\"summary_large_image\" \/>\n<meta name=\"twitter:label1\" content=\"Est. reading time\" \/>\n\t<meta name=\"twitter:data1\" content=\"2 minutes\" \/>\n<script type=\"application\/ld+json\" class=\"yoast-schema-graph\">{\"@context\":\"https:\\\/\\\/schema.org\",\"@graph\":[{\"@type\":\"WebPage\",\"@id\":\"https:\\\/\\\/www.ammamel.com\\\/fr\\\/massage-assis-en-entreprise\\\/\",\"url\":\"https:\\\/\\\/www.ammamel.com\\\/fr\\\/massage-assis-en-entreprise\\\/\",\"name\":\"Massage assis en entreprise - Ammamel\",\"isPartOf\":{\"@id\":\"https:\\\/\\\/www.ammamel.com\\\/fr\\\/#website\"},\"primaryImageOfPage\":{\"@id\":\"https:\\\/\\\/www.ammamel.com\\\/fr\\\/massage-assis-en-entreprise\\\/#primaryimage\"},\"image\":{\"@id\":\"https:\\\/\\\/www.ammamel.com\\\/fr\\\/massage-assis-en-entreprise\\\/#primaryimage\"},\"thumbnailUrl\":\"https:\\\/\\\/www.ammamel.com\\\/wp-content\\\/uploads\\\/2018\\\/09\\\/20180913_165510.jpg\",\"datePublished\":\"2024-04-27T04:17:19+00:00\",\"dateModified\":\"2024-04-27T04:17:20+00:00\",\"description\":\"Le massage Amma assis est une solution pour lutter contre le stress, les tensions nerveuses et pour r\u00e9duire les tensions musculo-squelettiques dues au travail.\",\"breadcrumb\":{\"@id\":\"https:\\\/\\\/www.ammamel.com\\\/fr\\\/massage-assis-en-entreprise\\\/#breadcrumb\"},\"inLanguage\":\"fr-FR\",\"potentialAction\":[{\"@type\":\"ReadAction\",\"target\":[\"https:\\\/\\\/www.ammamel.com\\\/fr\\\/massage-assis-en-entreprise\\\/\"]}]},{\"@type\":\"ImageObject\",\"inLanguage\":\"fr-FR\",\"@id\":\"https:\\\/\\\/www.ammamel.com\\\/fr\\\/massage-assis-en-entreprise\\\/#primaryimage\",\"url\":\"https:\\\/\\\/www.ammamel.com\\\/wp-content\\\/uploads\\\/2018\\\/09\\\/20180913_165510.jpg\",\"contentUrl\":\"https:\\\/\\\/www.ammamel.com\\\/wp-content\\\/uploads\\\/2018\\\/09\\\/20180913_165510.jpg\",\"width\":4032,\"height\":2268},{\"@type\":\"BreadcrumbList\",\"@id\":\"https:\\\/\\\/www.ammamel.com\\\/fr\\\/massage-assis-en-entreprise\\\/#breadcrumb\",\"itemListElement\":[{\"@type\":\"ListItem\",\"position\":1,\"name\":\"Portada\",\"item\":\"https:\\\/\\\/www.ammamel.com\\\/fr\\\/\"},{\"@type\":\"ListItem\",\"position\":2,\"name\":\"Massage assis en entreprise\"}]},{\"@type\":\"WebSite\",\"@id\":\"https:\\\/\\\/www.ammamel.com\\\/fr\\\/#website\",\"url\":\"https:\\\/\\\/www.ammamel.com\\\/fr\\\/\",\"name\":\"AmmaMel Massages\",\"description\":\"Praticienne Bien \u00catre Holistique &amp; Shiatsu (Gironde)\",\"publisher\":{\"@id\":\"https:\\\/\\\/www.ammamel.com\\\/fr\\\/#\\\/schema\\\/person\\\/e4947ec778736abb506432321b636130\"},\"potentialAction\":[{\"@type\":\"SearchAction\",\"target\":{\"@type\":\"EntryPoint\",\"urlTemplate\":\"https:\\\/\\\/www.ammamel.com\\\/fr\\\/?s={search_term_string}\"},\"query-input\":{\"@type\":\"PropertyValueSpecification\",\"valueRequired\":true,\"valueName\":\"search_term_string\"}}],\"inLanguage\":\"fr-FR\"},{\"@type\":[\"Person\",\"Organization\"],\"@id\":\"https:\\\/\\\/www.ammamel.com\\\/fr\\\/#\\\/schema\\\/person\\\/e4947ec778736abb506432321b636130\",\"name\":\"M\u00e9lanie Mongelli\",\"image\":{\"@type\":\"ImageObject\",\"inLanguage\":\"fr-FR\",\"@id\":\"https:\\\/\\\/www.ammamel.com\\\/wp-content\\\/uploads\\\/2024\\\/01\\\/ammamel.png\",\"url\":\"https:\\\/\\\/www.ammamel.com\\\/wp-content\\\/uploads\\\/2024\\\/01\\\/ammamel.png\",\"contentUrl\":\"https:\\\/\\\/www.ammamel.com\\\/wp-content\\\/uploads\\\/2024\\\/01\\\/ammamel.png\",\"width\":600,\"height\":600,\"caption\":\"M\u00e9lanie Mongelli\"},\"logo\":{\"@id\":\"https:\\\/\\\/www.ammamel.com\\\/wp-content\\\/uploads\\\/2024\\\/01\\\/ammamel.png\"},\"sameAs\":[\"https:\\\/\\\/www.ammamel.com\"]}]}<\/script>\n<!-- \/ Yoast SEO plugin. -->","yoast_head_json":{"title":"Massage assis en entreprise - Ammamel","description":"Le massage Amma assis est une solution pour lutter contre le stress, les tensions nerveuses et pour r\u00e9duire les tensions musculo-squelettiques dues au travail.","robots":{"index":"index","follow":"follow","max-snippet":"max-snippet:-1","max-image-preview":"max-image-preview:large","max-video-preview":"max-video-preview:-1"},"canonical":"https:\/\/www.ammamel.com\/fr\/massage-assis-en-entreprise\/","og_locale":"fr_FR","og_type":"article","og_title":"Massage assis en entreprise - Ammamel","og_description":"Le massage Amma assis est une solution pour lutter contre le stress, les tensions nerveuses et pour r\u00e9duire les tensions musculo-squelettiques dues au travail.","og_url":"https:\/\/www.ammamel.com\/fr\/massage-assis-en-entreprise\/","og_site_name":"Ammamel","article_modified_time":"2024-04-27T04:17:20+00:00","og_image":[{"width":4032,"height":2268,"url":"https:\/\/www.ammamel.com\/wp-content\/uploads\/2018\/09\/20180913_165510.jpg","type":"image\/jpeg"}],"twitter_card":"summary_large_image","twitter_misc":{"Est. reading time":"2 minutes"},"schema":{"@context":"https:\/\/schema.org","@graph":[{"@type":"WebPage","@id":"https:\/\/www.ammamel.com\/fr\/massage-assis-en-entreprise\/","url":"https:\/\/www.ammamel.com\/fr\/massage-assis-en-entreprise\/","name":"Massage assis en entreprise - Ammamel","isPartOf":{"@id":"https:\/\/www.ammamel.com\/fr\/#website"},"primaryImageOfPage":{"@id":"https:\/\/www.ammamel.com\/fr\/massage-assis-en-entreprise\/#primaryimage"},"image":{"@id":"https:\/\/www.ammamel.com\/fr\/massage-assis-en-entreprise\/#primaryimage"},"thumbnailUrl":"https:\/\/www.ammamel.com\/wp-content\/uploads\/2018\/09\/20180913_165510.jpg","datePublished":"2024-04-27T04:17:19+00:00","dateModified":"2024-04-27T04:17:20+00:00","description":"Le massage Amma assis est une solution pour lutter contre le stress, les tensions nerveuses et pour r\u00e9duire les tensions musculo-squelettiques dues au travail.","breadcrumb":{"@id":"https:\/\/www.ammamel.com\/fr\/massage-assis-en-entreprise\/#breadcrumb"},"inLanguage":"fr-FR","potentialAction":[{"@type":"ReadAction","target":["https:\/\/www.ammamel.com\/fr\/massage-assis-en-entreprise\/"]}]},{"@type":"ImageObject","inLanguage":"fr-FR","@id":"https:\/\/www.ammamel.com\/fr\/massage-assis-en-entreprise\/#primaryimage","url":"https:\/\/www.ammamel.com\/wp-content\/uploads\/2018\/09\/20180913_165510.jpg","contentUrl":"https:\/\/www.ammamel.com\/wp-content\/uploads\/2018\/09\/20180913_165510.jpg","width":4032,"height":2268},{"@type":"BreadcrumbList","@id":"https:\/\/www.ammamel.com\/fr\/massage-assis-en-entreprise\/#breadcrumb","itemListElement":[{"@type":"ListItem","position":1,"name":"Portada","item":"https:\/\/www.ammamel.com\/fr\/"},{"@type":"ListItem","position":2,"name":"Massage assis en entreprise"}]},{"@type":"WebSite","@id":"https:\/\/www.ammamel.com\/fr\/#website","url":"https:\/\/www.ammamel.com\/fr\/","name":"AmmaMel Massages","description":"Praticienne Bien \u00catre Holistique &amp; Shiatsu (Gironde)","publisher":{"@id":"https:\/\/www.ammamel.com\/fr\/#\/schema\/person\/e4947ec778736abb506432321b636130"},"potentialAction":[{"@type":"SearchAction","target":{"@type":"EntryPoint","urlTemplate":"https:\/\/www.ammamel.com\/fr\/?s={search_term_string}"},"query-input":{"@type":"PropertyValueSpecification","valueRequired":true,"valueName":"search_term_string"}}],"inLanguage":"fr-FR"},{"@type":["Person","Organization"],"@id":"https:\/\/www.ammamel.com\/fr\/#\/schema\/person\/e4947ec778736abb506432321b636130","name":"M\u00e9lanie Mongelli","image":{"@type":"ImageObject","inLanguage":"fr-FR","@id":"https:\/\/www.ammamel.com\/wp-content\/uploads\/2024\/01\/ammamel.png","url":"https:\/\/www.ammamel.com\/wp-content\/uploads\/2024\/01\/ammamel.png","contentUrl":"https:\/\/www.ammamel.com\/wp-content\/uploads\/2024\/01\/ammamel.png","width":600,"height":600,"caption":"M\u00e9lanie Mongelli"},"logo":{"@id":"https:\/\/www.ammamel.com\/wp-content\/uploads\/2024\/01\/ammamel.png"},"sameAs":["https:\/\/www.ammamel.com"]}]}},"_links":{"self":[{"href":"https:\/\/www.ammamel.com\/fr\/wp-json\/wp\/v2\/pages\/6922","targetHints":{"allow":["GET"]}}],"collection":[{"href":"https:\/\/www.ammamel.com\/fr\/wp-json\/wp\/v2\/pages"}],"about":[{"href":"https:\/\/www.ammamel.com\/fr\/wp-json\/wp\/v2\/types\/page"}],"author":[{"embeddable":true,"href":"https:\/\/www.ammamel.com\/fr\/wp-json\/wp\/v2\/users\/2"}],"replies":[{"embeddable":true,"href":"https:\/\/www.ammamel.com\/fr\/wp-json\/wp\/v2\/comments?post=6922"}],"version-history":[{"count":1,"href":"https:\/\/www.ammamel.com\/fr\/wp-json\/wp\/v2\/pages\/6922\/revisions"}],"predecessor-version":[{"id":6923,"href":"https:\/\/www.ammamel.com\/fr\/wp-json\/wp\/v2\/pages\/6922\/revisions\/6923"}],"wp:featuredmedia":[{"embeddable":true,"href":"https:\/\/www.ammamel.com\/fr\/wp-json\/wp\/v2\/media\/6491"}],"wp:attachment":[{"href":"https:\/\/www.ammamel.com\/fr\/wp-json\/wp\/v2\/media?parent=6922"}],"curies":[{"name":"wp","href":"https:\/\/api.w.org\/{rel}","templated":true}]}}